{"id":1542,"date":"2025-12-30T08:58:36","date_gmt":"2025-12-30T07:58:36","guid":{"rendered":"https:\/\/coaching-therapie-muenchen.de\/evenemang\/"},"modified":"2026-02-16T18:18:41","modified_gmt":"2026-02-16T17:18:41","slug":"events","status":"publish","type":"page","link":"https:\/\/coaching-therapie-muenchen.de\/sv\/events\/","title":{"rendered":"Evenemang"},"content":{"rendered":"\t\t<div data-elementor-type=\"wp-page\" data-elementor-id=\"1542\" class=\"elementor elementor-1542 elementor-354\" data-elementor-post-type=\"page\">\n\t\t\t\t<div class=\"elementor-element elementor-element-4ab65f7 e-flex e-con-boxed e-con e-parent\" data-id=\"4ab65f7\" data-element_type=\"container\" data-e-type=\"container\">\n\t\t\t\t\t<div class=\"e-con-inner\">\n\t\t\t\t<div class=\"elementor-element elementor-element-c6f3900 elementor-widget elementor-widget-heading\" data-id=\"c6f3900\" data-element_type=\"widget\" data-e-type=\"widget\" data-widget_type=\"heading.default\">\n\t\t\t\t\t<h1 class=\"elementor-heading-title elementor-size-default\">Evenemang med Lisa Svensson<\/h1>\t\t\t\t<\/div>\n\t\t\t\t\t<\/div>\n\t\t\t\t<\/div>\n\t\t<div class=\"elementor-element elementor-element-c8d06a3 e-flex e-con-boxed e-con e-parent\" data-id=\"c8d06a3\" data-element_type=\"container\" data-e-type=\"container\">\n\t\t\t\t\t<div class=\"e-con-inner\">\n\t\t\t\t<div class=\"elementor-element elementor-element-b0a8107 elementor-widget elementor-widget-text-editor\" data-id=\"b0a8107\" data-element_type=\"widget\" data-e-type=\"widget\" data-widget_type=\"text-editor.default\">\n\t\t\t\t\t\t\t\t\t<p><em>H\u00e4r listar jag alla kommande svenska evenemang. De flesta av mina evenemang h\u00e5ller jag p\u00e5 tyska.<\/em><\/p><p>\u00a0<\/p><p>Kolla g\u00e4rna in mina kommande tyska evenemang h\u00e4r: <a href=\"https:\/\/coaching-therapie-muenchen.de\/veranstaltungen\/\"><strong>Veranstaltungen<\/strong><\/a>.<\/p><p>Kolla g\u00e4rna in mina kommande engelska evenemang h\u00e4r: <a href=\"https:\/\/coaching-therapie-muenchen.de\/en\/events\/\"><strong>Events<\/strong><\/a><\/p><p>\u00c4r du intresserad av att anordna en f\u00f6rel\u00e4sning, en helgkurs eller en retreat p\u00e5 svenska (eller tyska eller engelska) med mig som l\u00e4rare? Kontakta mig g\u00e4rna med dina id\u00e9er och fr\u00e5gor h\u00e4r: <a href=\"Svensson@coaching-therapie-muenchen.de\"><strong>Email<\/strong><\/a>.<\/p><p>N\u00e5gra av \u00e4mnena f\u00f6r mina utbildningar och retreats \u00e4r:<\/p><ul><li>Kommunikationstr\u00e4ning (&#8221;non-violent&#8221; kommunikation)<\/li><li>Kurser i meditation, mindfulness och sj\u00e4lvmedk\u00e4nsla<\/li><li>Feeding-Your-Demons Helg- eller kv\u00e4llsf\u00f6rel\u00e4sning \u2013 online eller p\u00e5 plats<\/li><li>Kapala-Tr\u00e4ning 1 &amp; 2<\/li><li>Certifieringsniv\u00e5 f\u00f6r Feeding Your Demons<\/li><\/ul>\t\t\t\t\t\t\t\t<\/div>\n\t\t\t\t\t<\/div>\n\t\t\t\t<\/div>\n\t\t<div class=\"elementor-element elementor-element-3add6ae e-flex e-con-boxed e-con e-parent\" data-id=\"3add6ae\" data-element_type=\"container\" data-e-type=\"container\">\n\t\t\t\t\t<div class=\"e-con-inner\">\n\t\t<div class=\"elementor-element elementor-element-8e89cb2 e-con-full e-flex e-con e-child\" data-id=\"8e89cb2\" data-element_type=\"container\" data-e-type=\"container\">\n\t\t\t\t<div class=\"elementor-element elementor-element-5d612f7 elementor-widget elementor-widget-heading\" data-id=\"5d612f7\" data-element_type=\"widget\" data-e-type=\"widget\" data-widget_type=\"heading.default\">\n\t\t\t\t\t<h2 class=\"elementor-heading-title elementor-size-default\">Kapala I-tr\u00e4ning<\/h2>\t\t\t\t<\/div>\n\t\t<div class=\"elementor-element elementor-element-b2e8713 e-con-full e-flex e-con e-child\" data-id=\"b2e8713\" data-element_type=\"container\" data-e-type=\"container\">\n\t\t\t\t<div class=\"elementor-element elementor-element-222a147 elementor-widget elementor-widget-text-editor\" data-id=\"222a147\" data-element_type=\"widget\" data-e-type=\"widget\" data-widget_type=\"text-editor.default\">\n\t\t\t\t\t\t\t\t\t<ul><li><p data-path-to-node=\"10,0,0\"><b data-path-to-node=\"10,0,0\" data-index-in-node=\"0\">Fokus:<\/b> \u00d6vningen &#8221;Feeding Your Demons&#8221; samt den buddhistiska meditationen Prajna Paramita (en nature-of-mind meditation)<\/p><\/li><li><p data-path-to-node=\"10,1,0\"><b data-path-to-node=\"10,1,0\" data-index-in-node=\"0\">Certifiering:<\/b> Denna modul \u00e4r det f\u00f6rsta steget i den tredelade certifieringsv\u00e4gen f\u00f6r h\u00e4lsoyrken. Retreatet kan dock \u00e4ven g\u00f6ras separat \u2013 utan certifieringsanspr\u00e5k.<\/p><\/li><li><p data-path-to-node=\"10,2,0\"><b data-path-to-node=\"10,2,0\" data-index-in-node=\"0\">F\u00f6ruts\u00e4ttning:<\/b> Inga f\u00f6rkunskaper kr\u00e4vs.<\/p><\/li><li><p data-path-to-node=\"10,3,0\"><b data-path-to-node=\"10,3,0\" data-index-in-node=\"0\">Datum:<\/b> 24. (18:00) till 29. Okt. 2026 (13.30).<\/p><\/li><li><p data-path-to-node=\"10,4,0\"><b data-path-to-node=\"10,4,0\" data-index-in-node=\"0\">Plats:<\/b> Ytterj\u00e4rna, s\u00f6der om Stockholm<\/p><\/li><li><p data-path-to-node=\"10,5,0\"><b data-path-to-node=\"10,5,0\" data-index-in-node=\"0\">Kursavgift:<\/b>\u00a0 \u20ac<\/p><\/li><li><strong>Mer information:<\/strong> V\u00e4nligen <strong><a href=\"https:\/\/coaching-therapie-muenchen.de\/sv\/kontakt-arvode-bokningar\/\">skicka e-post.<\/a><\/strong><\/li><\/ul>\t\t\t\t\t\t\t\t<\/div>\n\t\t\t\t<\/div>\n\t\t<div class=\"elementor-element elementor-element-9437cff e-con-full e-flex e-con e-child\" data-id=\"9437cff\" data-element_type=\"container\" data-e-type=\"container\">\n\t\t\t\t<\/div>\n\t\t\t\t<\/div>\n\t\t<div class=\"elementor-element elementor-element-cc983e2 e-con-full e-flex e-con e-child\" data-id=\"cc983e2\" data-element_type=\"container\" data-e-type=\"container\">\n\t\t\t\t<div class=\"elementor-element elementor-element-8aa5e0c elementor-widget elementor-widget-text-editor\" data-id=\"8aa5e0c\" data-element_type=\"widget\" data-e-type=\"widget\" data-widget_type=\"text-editor.default\">\n\t\t\t\t\t\t\t\t\t<p data-path-to-node=\"6\"><strong><em>Save-the-Date -mer information f\u00f6ljer<\/em><\/strong><\/p><p data-path-to-node=\"6\">Metoden \u201dFeeding Your Demons\u201d ,utvecklad av Ts\u00fcltrim Allione, \u00e4r ett djuptg\u00e5ende verktyg f\u00f6r att f\u00f6rvandla inre jobbiga k\u00e4nslor och tillst\u00e5nd till visdom och kraft.<\/p><p data-path-to-node=\"6\"><strong>Kapala I Training<\/strong> l\u00e4gger grunden till arbetet med v\u00e5ra inre skuggor. Baserat p\u00e5 den tibetanska traditionen av Yogini Machig Labdr\u00f6n (11:e \u00e5rhundradet) och Lama Ts\u00fcltrim Alliones moderna 5-stegsprocess, l\u00e4r vi oss att m\u00f6ta belastande andelar -inte med motst\u00e5nd, utan med medk\u00e4nsla.<\/p><p data-path-to-node=\"7\">Genom ut\u00f6vandet av Prajna-Paramita meditation upplever vi v\u00e5rt sinnes gr\u00e4nsl\u00f6sa rum \u2013 den ursprungliga grunden d\u00e4r transformation f\u00f6rst blir m\u00f6jlig.<\/p><p data-path-to-node=\"7\">Utbildningen f\u00f6rmedlar b\u00e5de de djuplodande filosofiska bakgrunderna i Mahayana-buddhismen och den praktiska till\u00e4mpningen utan Feeding Your Demons i tv\u00e5mannagrupper. Den \u00e4r ocks\u00e5 det f\u00f6rsta steget i en tredelad utbildning f\u00f6r personer inom h\u00e4lsoyrken som vill bli certifierade f\u00f6r att anv\u00e4nda \u00f6vningen med klienter. Men tr\u00e4ningen kan ocks\u00e5 bes\u00f6kas av vem som helst som en intensiv v\u00e4g till sj\u00e4lvk\u00e4nnedom.<\/p>\t\t\t\t\t\t\t\t<\/div>\n\t\t\t\t<\/div>\n\t\t\t\t\t<\/div>\n\t\t\t\t<\/div>\n\t\t<div class=\"elementor-element elementor-element-ac7262f e-flex e-con-boxed e-con e-parent\" data-id=\"ac7262f\" data-element_type=\"container\" data-e-type=\"container\" data-settings=\"{&quot;background_background&quot;:&quot;classic&quot;}\">\n\t\t\t\t\t<div class=\"e-con-inner\">\n\t\t<div class=\"elementor-element elementor-element-a80ae67 e-con-full e-flex e-con e-child\" data-id=\"a80ae67\" data-element_type=\"container\" data-e-type=\"container\">\n\t\t<div class=\"elementor-element elementor-element-7387338 e-con-full e-flex e-con e-child\" data-id=\"7387338\" data-element_type=\"container\" data-e-type=\"container\">\n\t\t\t\t<div class=\"elementor-element elementor-element-86b52b9 elementor-align-right elementor-mobile-align-center elementor-widget elementor-widget-button\" data-id=\"86b52b9\" data-element_type=\"widget\" data-e-type=\"widget\" data-widget_type=\"button.default\">\n\t\t\t\t\t\t\t\t\t\t<a class=\"elementor-button elementor-button-link elementor-size-sm\" href=\"https:\/\/calendly.com\/svensson-gixk\/umsonst-kennenlernen-free-get-to-know\" target=\"_blank\" rel=\"noopener\">\n\t\t\t\t\t\t<span class=\"elementor-button-content-wrapper\">\n\t\t\t\t\t\t\t\t\t<span class=\"elementor-button-text\">Kostnadsfritt l\u00e4ra-k\u00e4nna-samtal<\/span>\n\t\t\t\t\t<\/span>\n\t\t\t\t\t<\/a>\n\t\t\t\t\t\t\t\t<\/div>\n\t\t\t\t<\/div>\n\t\t<div class=\"elementor-element elementor-element-3fdc94c e-con-full e-flex e-con e-child\" data-id=\"3fdc94c\" data-element_type=\"container\" data-e-type=\"container\">\n\t\t\t\t<div class=\"elementor-element elementor-element-6c2a7e8 elementor-align-left elementor-mobile-align-center elementor-widget elementor-widget-button\" data-id=\"6c2a7e8\" data-element_type=\"widget\" data-e-type=\"widget\" data-widget_type=\"button.default\">\n\t\t\t\t\t\t\t\t\t\t<a class=\"elementor-button elementor-button-link elementor-size-sm\" href=\"https:\/\/coaching-therapie-muenchen.de\/sv\/kontakt-priser-bokning-coach-terapeut-muenchen\/\">\n\t\t\t\t\t\t<span class=\"elementor-button-content-wrapper\">\n\t\t\t\t\t\t\t\t\t<span class=\"elementor-button-text\">Boka en ordinarie sittning<\/span>\n\t\t\t\t\t<\/span>\n\t\t\t\t\t<\/a>\n\t\t\t\t\t\t\t\t<\/div>\n\t\t\t\t<\/div>\n\t\t\t\t<\/div>\n\t\t\t\t\t<\/div>\n\t\t\t\t<\/div>\n\t\t\t\t<\/div>\n\t\t","protected":false},"excerpt":{"rendered":"<p>Evenemang med Lisa Svensson H\u00e4r listar jag alla kommande svenska evenemang. De flesta av mina evenemang h\u00e5ller jag p\u00e5 tyska. \u00a0 Kolla g\u00e4rna in mina kommande tyska evenemang h\u00e4r: Veranstaltungen. Kolla g\u00e4rna in mina kommande engelska evenemang h\u00e4r: Events \u00c4r du intresserad av att anordna en f\u00f6rel\u00e4sning, en helgkurs eller en retreat p\u00e5 svenska (eller [&hellip;]<\/p>\n","protected":false},"author":1,"featured_media":0,"parent":0,"menu_order":0,"comment_status":"closed","ping_status":"closed","template":"","meta":{"footnotes":""},"class_list":["post-1542","page","type-page","status-publish","hentry"],"_links":{"self":[{"href":"https:\/\/coaching-therapie-muenchen.de\/sv\/wp-json\/wp\/v2\/pages\/1542","targetHints":{"allow":["GET"]}}],"collection":[{"href":"https:\/\/coaching-therapie-muenchen.de\/sv\/wp-json\/wp\/v2\/pages"}],"about":[{"href":"https:\/\/coaching-therapie-muenchen.de\/sv\/wp-json\/wp\/v2\/types\/page"}],"author":[{"embeddable":true,"href":"https:\/\/coaching-therapie-muenchen.de\/sv\/wp-json\/wp\/v2\/users\/1"}],"replies":[{"embeddable":true,"href":"https:\/\/coaching-therapie-muenchen.de\/sv\/wp-json\/wp\/v2\/comments?post=1542"}],"version-history":[{"count":34,"href":"https:\/\/coaching-therapie-muenchen.de\/sv\/wp-json\/wp\/v2\/pages\/1542\/revisions"}],"predecessor-version":[{"id":2263,"href":"https:\/\/coaching-therapie-muenchen.de\/sv\/wp-json\/wp\/v2\/pages\/1542\/revisions\/2263"}],"wp:attachment":[{"href":"https:\/\/coaching-therapie-muenchen.de\/sv\/wp-json\/wp\/v2\/media?parent=1542"}],"curies":[{"name":"wp","href":"https:\/\/api.w.org\/{rel}","templated":true}]}}